{"id":33,"date":"2019-06-06T10:09:24","date_gmt":"2019-06-06T08:09:24","guid":{"rendered":"https:\/\/francescoeconomy.org\/?page_id=33"},"modified":"2020-11-04T18:35:27","modified_gmt":"2020-11-04T17:35:27","slug":"partecipare","status":"publish","type":"page","link":"https:\/\/francescoeconomy.org\/it\/partecipare\/","title":{"rendered":"Selezione 2019"},"content":{"rendered":"<p><div class=\"fusion-fullwidth fullwidth-box fusion-builder-row-1 nonhundred-percent-fullwidth non-hundred-percent-height-scrolling\" style=\"--awb-border-radius-top-left:0px;--awb-border-radius-top-right:0px;--awb-border-radius-bottom-right:0px;--awb-border-radius-bottom-left:0px;--awb-padding-top:50px;--awb-padding-bottom:50px;--awb-background-color:#ffffff;--awb-flex-wrap:wrap;\" ><div class=\"fusion-builder-row fusion-row\"><div class=\"fusion-layout-column fusion_builder_column fusion-builder-column-0 fusion_builder_column_1_1 1_1 fusion-one-full fusion-column-first fusion-column-last\" style=\"--awb-bg-size:cover;\"><div class=\"fusion-column-wrapper fusion-column-has-shadow fusion-flex-column-wrapper-legacy\"><div class=\"fusion-text fusion-text-1\"><p style=\"text-align: center;\"><span style=\"font-weight: 400;\">Il 29 agosto 2020, il comitato organizzatore ha inviato a tutti i partecipanti un messaggio per comunicare <\/span><span style=\"font-weight: 400;\">che l\u2019evento si svolger\u00e0<strong>\u00a0online.<\/strong><\/span><\/p>\n<\/div><div class=\"fusion-text fusion-text-2 alert\"><p>&#8220;L\u2019organizzazione dell\u2019evento <i>The Economy of Francesco 2020<\/i>\u00a0in versione online\u00a0consentir\u00e0 a tutti<b>\u00a0<\/b>i giovani iscritti di partecipare all&#8217;incontro nelle medesime condizioni, di condividere l&#8217;esperienza vissuta, il lavoro, le proposte, e le riflessioni maturate in questi mesi nei 12 villaggi. Il\u00a0<b>Comitato \u00e8 al lavoro<\/b> per realizzare\u00a0un programma innovativo, partecipativo e globale\u00a0che conservi gli elementi peculiari di Economy of Francesco (lavori di gruppo, sessioni plenarie e parallele con i keynote speakers, spiritualit\u00e0 francescana, spettacoli artistici, mostre) arricchendolo con le opportunit\u00e0 e i linguaggi che la modalit\u00e0 digitale dell&#8217;evento offre&#8221;.<\/p>\n<\/div><div class=\"fusion-aligncenter\"><a class=\"fusion-button button-flat fusion-button-default-size button-default fusion-button-default button-1 fusion-button-default-span fusion-button-default-type\" target=\"_blank\" rel=\"noopener noreferrer\" href=\"https:\/\/francescoeconomy.org\/wp-content\/uploads\/2020\/09\/CS_EoF_settembre2020.pdf\"><i class=\"fa-file-pdf fas awb-button__icon awb-button__icon--default button-icon-left\" aria-hidden=\"true\"><\/i><span class=\"fusion-button-text awb-button__text awb-button__text--default\"> Comunicato stampa SETTEMBRE 2020 \u2013 ONLINE EVENT<\/span><\/a><\/div><div class=\"fusion-clearfix\"><\/div><\/div><\/div><\/div><\/div><div class=\"fusion-fullwidth fullwidth-box fusion-builder-row-2 hundred-percent-fullwidth non-hundred-percent-height-scrolling fusion-equal-height-columns\" style=\"--awb-border-radius-top-left:0px;--awb-border-radius-top-right:0px;--awb-border-radius-bottom-right:0px;--awb-border-radius-bottom-left:0px;--awb-padding-right:0px;--awb-padding-left:0px;--awb-flex-wrap:wrap;\" ><div class=\"fusion-builder-row fusion-row\"><div class=\"fusion-layout-column fusion_builder_column fusion-builder-column-1 fusion_builder_column_2_5 2_5 fusion-two-fifth fusion-column-first\" style=\"--awb-padding-top:50px;--awb-padding-right:50px;--awb-padding-bottom:50px;--awb-padding-left:50px;--awb-bg-color:rgba(252,210,71,0.5);--awb-bg-color-hover:rgba(252,210,71,0.5);--awb-bg-size:cover;--awb-margin-bottom:0px;width:40%;width:calc(40% - ( ( 0 ) * 0.4 ) );margin-right: 0px;\"><div class=\"fusion-column-wrapper fusion-column-has-shadow fusion-flex-column-wrapper-legacy\"><div class=\"fusion-title title fusion-title-1 fusion-sep-none fusion-title-text fusion-title-size-two\" style=\"--awb-margin-bottom:10px;--awb-margin-top-small:0px;--awb-margin-right-small:0px;--awb-margin-bottom-small:20px;--awb-margin-left-small:0px;\"><h2 class=\"fusion-title-heading title-heading-left fusion-responsive-typography-calculated\" style=\"margin:0;--fontSize:35;line-height:1.5;\">A CHI \u00c8 RIVOLTO?<\/h2><\/div><div class=\"fusion-text fusion-text-3\"><p>Giovani fino ai 35 anni di et\u00e0 impegnati negli ambiti:<\/p>\n<ul>\n<li><strong>RICERCA:<\/strong> Studenti e studiosi in Economia e altre discipline affini (studenti di master, di scuole di dottorato di ricerca, giovani ricercatori). <em>Requisito di base: titolo di laurea.<\/em><\/li>\n<li><strong>IMPRESA:<\/strong> imprenditori, dirigenti e top manager.<\/li>\n<li><strong>Altri CHANGE-MAKERS:<\/strong> Promotori di attivit\u00e0 al servizio del bene comune e di un&#8217; economia giusta, sostenibile e inclusiva.<\/li>\n<\/ul>\n<\/div><div class=\"fusion-text fusion-text-4 alert\"><p>Fra i giovani candidati, <strong>un gruppo <\/strong>selezionato \u00e8 stato invitato a partecipare ad un <strong>pre-evento <\/strong>con sessioni di lavoro e approfondimento in preparazione <strong>all\u2019evento principale The Economy of Francesco.<\/strong><\/p>\n<\/div><div class=\"fusion-text fusion-text-5 alert\"><p><span style=\"color: #ff0000;\"><strong>Aggiornamento &#8211; dopo il comunicato del 29 agosto 2020: <\/strong>Di fatto il pre-evento previsto si sta gi\u00e0 svolgendo nei villaggi in questi mesi. Ora pi\u00f9 che mai \u00e8 importante e prezioso il contributo dei selezionati al pre-evento, per questo ti invitiamo a condividere il loro impegno nei lavori e nelle attivit\u00e0 proposte nei villaggi.<\/span><\/p>\n<\/div><div class=\"fusion-clearfix\"><\/div><\/div><\/div><div class=\"fusion-layout-column fusion_builder_column fusion-builder-column-2 fusion_builder_column_3_5 3_5 fusion-three-fifth fusion-column-last\" style=\"--awb-padding-top:50px;--awb-padding-right:50px;--awb-padding-bottom:50px;--awb-padding-left:50px;--awb-bg-color:rgba(174,137,104,0.5);--awb-bg-color-hover:rgba(174,137,104,0.5);--awb-bg-size:cover;--awb-margin-bottom:0px;width:60%;width:calc(60% - ( ( 0 ) * 0.6 ) );\"><div class=\"fusion-column-wrapper fusion-column-has-shadow fusion-flex-column-wrapper-legacy\"><div class=\"fusion-title title fusion-title-2 fusion-sep-none fusion-title-text fusion-title-size-two\" style=\"--awb-margin-bottom:10px;--awb-margin-top-small:0px;--awb-margin-right-small:0px;--awb-margin-bottom-small:20px;--awb-margin-left-small:0px;\"><h2 class=\"fusion-title-heading title-heading-left fusion-responsive-typography-calculated\" style=\"margin:0;--fontSize:35;line-height:1.5;\">DEADLINE:<\/h2><\/div><div class=\"fusion-text fusion-text-6\"><p>Il 25 Novembre \u00e8 scaduto definitivamente il termine per presentare le candidature.<\/p>\n<p><strong>Grazie a tutti! La risposta \u00e8 stata davvero straordinaria: migliaia di giovani da oltre 120 paesi di tutto il mondo!<\/strong><\/p>\n<div>Ti consigliamo di seguire social e sito per non perdere aggiornamenti e novit\u00e0!<\/div>\n<\/div><div class=\"fusion-text fusion-text-7\"><ul>\n<li>Modifiche e\/o integrazioni alla procedura di candidatura saranno pubblicate sul sito ufficiale.<\/li>\n<li>Il numero di partecipanti \u00e8 limitato.<\/li>\n<li>Tutte le candidature sono state valutate da un comitato scientifico.<\/li>\n<li><strong>IMPORTANTE: <\/strong><span style=\"font-weight: 400;\">L\u2019evento \u00e8 confermato per il 19-21 novembre 2020, e si svolger\u00e0 completamente ONLINE, come da messaggio inviato a tutti i partecipanti il 29 agosto 2020.\u00a0<\/span><\/li>\n<li>Per ogni richiesta o chiarimento scrivi a: community@francescoeconomy.org<\/li>\n<\/ul>\n<\/div><div class=\"fusion-text fusion-text-8 alert\"><p><strong>NOTA SULLA QUOTA:<\/strong> Grazie al sostegno di partnership e donazioni, la partecipazione all\u2019evento online non prevede quota d\u2019iscrizione. Per procedere con la richiesta di rimborso, sar\u00e0 necessario entrare nell\u2019<a href=\"https:\/\/participants.francescoeconomy.org\/\"><strong>AREA PARTECIPANTI<\/strong><\/a><a href=\"https:\/\/participants.francescoeconomy.org\/\">\u00a0<\/a>tramite log-in, leggere attentamente la policy, compilare il form ed inviarlo.<\/p>\n<\/div><div class=\"fusion-clearfix\"><\/div><\/div><\/div><\/div><\/div><div class=\"fusion-fullwidth fullwidth-box fusion-builder-row-3 nonhundred-percent-fullwidth non-hundred-percent-height-scrolling\" style=\"--awb-border-radius-top-left:0px;--awb-border-radius-top-right:0px;--awb-border-radius-bottom-right:0px;--awb-border-radius-bottom-left:0px;--awb-padding-top:50px;--awb-padding-bottom:50px;--awb-background-color:rgba(93,142,49,0.5);--awb-flex-wrap:wrap;\" ><div class=\"fusion-builder-row fusion-row\"><div class=\"fusion-layout-column fusion_builder_column fusion-builder-column-3 fusion_builder_column_1_1 1_1 fusion-one-full fusion-column-first fusion-column-last\" style=\"--awb-bg-size:cover;\"><div class=\"fusion-column-wrapper fusion-column-has-shadow fusion-flex-column-wrapper-legacy\"><div class=\"fusion-image-element fusion-image-align-left in-legacy-container\" style=\"text-align:left;--awb-caption-title-font-family:var(--h2_typography-font-family);--awb-caption-title-font-weight:var(--h2_typography-font-weight);--awb-caption-title-font-style:var(--h2_typography-font-style);--awb-caption-title-size:var(--h2_typography-font-size);--awb-caption-title-transform:var(--h2_typography-text-transform);--awb-caption-title-line-height:var(--h2_typography-line-height);--awb-caption-title-letter-spacing:var(--h2_typography-letter-spacing);\"><span class=\" fusion-imageframe imageframe-none imageframe-1 hover-type-none\" style=\"margin-right:25px;float:left;\"><img decoding=\"async\" width=\"150\" height=\"155\" title=\"icona EoF pass-03\" src=\"data:image\/svg+xml,%3Csvg%20xmlns%3D%27http%3A%2F%2Fwww.w3.org%2F2000%2Fsvg%27%20width%3D%27150%27%20height%3D%27155%27%20viewBox%3D%270%200%20150%20155%27%3E%3Crect%20width%3D%27150%27%20height%3D%27155%27%20fill-opacity%3D%220%22%2F%3E%3C%2Fsvg%3E\" data-orig-src=\"https:\/\/francescoeconomy.org\/wp-content\/uploads\/2019\/11\/icona-EoF-pass-03-e1574789750808.png\" alt class=\"lazyload img-responsive wp-image-2699\"\/><\/span><\/div><div class=\"fusion-title title fusion-title-3 fusion-sep-none fusion-title-center fusion-title-text fusion-title-size-three\" style=\"--awb-margin-bottom:30px;--awb-margin-top-small:0px;--awb-margin-right-small:0px;--awb-margin-bottom-small:20px;--awb-margin-left-small:0px;\"><h3 class=\"fusion-title-heading title-heading-center fusion-responsive-typography-calculated\" style=\"margin:0;--fontSize:24;line-height:1.5;\"><div>\n<p>Per l&#8217;iscrizione era necessario aver ricevuto una conferma di ammissione della tua candidatura da parte del comitato organizzatore (dalla mail community@francescoeconomy.org). Se non hai ricevuto ALCUNA comunicazione n\u00e9 risposta alla tua domanda (controlla sempre la cartella SPAM), ti invitiamo a scrivere a community@francescoeconomy.org .<\/p>\n<\/div><\/h3><\/div><div class=\"fusion-aligncenter\"><a class=\"fusion-button button-flat button-xlarge button-default fusion-button-default button-2 fusion-button-default-span fusion-button-default-type\" target=\"_self\" href=\"https:\/\/participants.francescoeconomy.org\/\"><span class=\"fusion-button-text awb-button__text awb-button__text--default\">AREA PARTECIPANTI<\/span><\/a><\/div><div class=\"fusion-clearfix\"><\/div><\/div><\/div><\/div><\/div><\/p>\n","protected":false},"excerpt":{"rendered":"","protected":false},"author":1,"featured_media":0,"parent":0,"menu_order":0,"comment_status":"closed","ping_status":"closed","template":"100-width.php","meta":{"footnotes":""},"class_list":["post-33","page","type-page","status-publish","hentry"],"yoast_head":"<!-- This site is optimized with the Yoast SEO plugin v27.5 - https:\/\/yoast.com\/product\/yoast-seo-wordpress\/ -->\n<title>Selezione 2019 | The Economy of Francesco<\/title>\n<meta name=\"robots\" content=\"index, follow, max-snippet:-1, max-image-preview:large, max-video-preview:-1\" \/>\n<link rel=\"canonical\" href=\"https:\/\/francescoeconomy.org\/it\/partecipare\/\" \/>\n<meta property=\"og:locale\" content=\"it_IT\" \/>\n<meta property=\"og:type\" content=\"article\" \/>\n<meta property=\"og:title\" content=\"Selezione 2019 | The Economy of Francesco\" \/>\n<meta property=\"og:url\" content=\"https:\/\/francescoeconomy.org\/it\/partecipare\/\" \/>\n<meta property=\"og:site_name\" content=\"The Economy of Francesco\" \/>\n<meta property=\"article:modified_time\" content=\"2020-11-04T17:35:27+00:00\" \/>\n<meta name=\"twitter:card\" content=\"summary_large_image\" \/>\n<meta name=\"twitter:label1\" content=\"Tempo di lettura stimato\" \/>\n\t<meta name=\"twitter:data1\" content=\"10 minuti\" \/>\n<script type=\"application\/ld+json\" class=\"yoast-schema-graph\">{\"@context\":\"https:\\\/\\\/schema.org\",\"@graph\":[{\"@type\":\"WebPage\",\"@id\":\"https:\\\/\\\/francescoeconomy.org\\\/it\\\/partecipare\\\/\",\"url\":\"https:\\\/\\\/francescoeconomy.org\\\/it\\\/partecipare\\\/\",\"name\":\"Selezione 2019 | The Economy of Francesco\",\"isPartOf\":{\"@id\":\"https:\\\/\\\/francescoeconomy.org\\\/#website\"},\"datePublished\":\"2019-06-06T08:09:24+00:00\",\"dateModified\":\"2020-11-04T17:35:27+00:00\",\"breadcrumb\":{\"@id\":\"https:\\\/\\\/francescoeconomy.org\\\/it\\\/partecipare\\\/#breadcrumb\"},\"inLanguage\":\"it-IT\",\"potentialAction\":[{\"@type\":\"ReadAction\",\"target\":[\"https:\\\/\\\/francescoeconomy.org\\\/it\\\/partecipare\\\/\"]}]},{\"@type\":\"BreadcrumbList\",\"@id\":\"https:\\\/\\\/francescoeconomy.org\\\/it\\\/partecipare\\\/#breadcrumb\",\"itemListElement\":[{\"@type\":\"ListItem\",\"position\":1,\"name\":\"Home\",\"item\":\"https:\\\/\\\/francescoeconomy.org\\\/it\\\/\"},{\"@type\":\"ListItem\",\"position\":2,\"name\":\"Selezione 2019\"}]},{\"@type\":\"WebSite\",\"@id\":\"https:\\\/\\\/francescoeconomy.org\\\/#website\",\"url\":\"https:\\\/\\\/francescoeconomy.org\\\/\",\"name\":\"The Economy of Francesco\",\"description\":\"Young people, a commitment, the future\",\"publisher\":{\"@id\":\"https:\\\/\\\/francescoeconomy.org\\\/#organization\"},\"potentialAction\":[{\"@type\":\"SearchAction\",\"target\":{\"@type\":\"EntryPoint\",\"urlTemplate\":\"https:\\\/\\\/francescoeconomy.org\\\/?s={search_term_string}\"},\"query-input\":{\"@type\":\"PropertyValueSpecification\",\"valueRequired\":true,\"valueName\":\"search_term_string\"}}],\"inLanguage\":\"it-IT\"},{\"@type\":\"Organization\",\"@id\":\"https:\\\/\\\/francescoeconomy.org\\\/#organization\",\"name\":\"The Economy of Francesco\",\"url\":\"https:\\\/\\\/francescoeconomy.org\\\/\",\"logo\":{\"@type\":\"ImageObject\",\"inLanguage\":\"it-IT\",\"@id\":\"https:\\\/\\\/francescoeconomy.org\\\/#\\\/schema\\\/logo\\\/image\\\/\",\"url\":\"https:\\\/\\\/francescoeconomy.org\\\/wp-content\\\/uploads\\\/2019\\\/06\\\/Logo-EoF2020-tracciato.png\",\"contentUrl\":\"https:\\\/\\\/francescoeconomy.org\\\/wp-content\\\/uploads\\\/2019\\\/06\\\/Logo-EoF2020-tracciato.png\",\"width\":513,\"height\":513,\"caption\":\"The Economy of Francesco\"},\"image\":{\"@id\":\"https:\\\/\\\/francescoeconomy.org\\\/#\\\/schema\\\/logo\\\/image\\\/\"}}]}<\/script>\n<!-- \/ Yoast SEO plugin. -->","yoast_head_json":{"title":"Selezione 2019 | The Economy of Francesco","robots":{"index":"index","follow":"follow","max-snippet":"max-snippet:-1","max-image-preview":"max-image-preview:large","max-video-preview":"max-video-preview:-1"},"canonical":"https:\/\/francescoeconomy.org\/it\/partecipare\/","og_locale":"it_IT","og_type":"article","og_title":"Selezione 2019 | The Economy of Francesco","og_url":"https:\/\/francescoeconomy.org\/it\/partecipare\/","og_site_name":"The Economy of Francesco","article_modified_time":"2020-11-04T17:35:27+00:00","twitter_card":"summary_large_image","twitter_misc":{"Tempo di lettura stimato":"10 minuti"},"schema":{"@context":"https:\/\/schema.org","@graph":[{"@type":"WebPage","@id":"https:\/\/francescoeconomy.org\/it\/partecipare\/","url":"https:\/\/francescoeconomy.org\/it\/partecipare\/","name":"Selezione 2019 | The Economy of Francesco","isPartOf":{"@id":"https:\/\/francescoeconomy.org\/#website"},"datePublished":"2019-06-06T08:09:24+00:00","dateModified":"2020-11-04T17:35:27+00:00","breadcrumb":{"@id":"https:\/\/francescoeconomy.org\/it\/partecipare\/#breadcrumb"},"inLanguage":"it-IT","potentialAction":[{"@type":"ReadAction","target":["https:\/\/francescoeconomy.org\/it\/partecipare\/"]}]},{"@type":"BreadcrumbList","@id":"https:\/\/francescoeconomy.org\/it\/partecipare\/#breadcrumb","itemListElement":[{"@type":"ListItem","position":1,"name":"Home","item":"https:\/\/francescoeconomy.org\/it\/"},{"@type":"ListItem","position":2,"name":"Selezione 2019"}]},{"@type":"WebSite","@id":"https:\/\/francescoeconomy.org\/#website","url":"https:\/\/francescoeconomy.org\/","name":"The Economy of Francesco","description":"Young people, a commitment, the future","publisher":{"@id":"https:\/\/francescoeconomy.org\/#organization"},"potentialAction":[{"@type":"SearchAction","target":{"@type":"EntryPoint","urlTemplate":"https:\/\/francescoeconomy.org\/?s={search_term_string}"},"query-input":{"@type":"PropertyValueSpecification","valueRequired":true,"valueName":"search_term_string"}}],"inLanguage":"it-IT"},{"@type":"Organization","@id":"https:\/\/francescoeconomy.org\/#organization","name":"The Economy of Francesco","url":"https:\/\/francescoeconomy.org\/","logo":{"@type":"ImageObject","inLanguage":"it-IT","@id":"https:\/\/francescoeconomy.org\/#\/schema\/logo\/image\/","url":"https:\/\/francescoeconomy.org\/wp-content\/uploads\/2019\/06\/Logo-EoF2020-tracciato.png","contentUrl":"https:\/\/francescoeconomy.org\/wp-content\/uploads\/2019\/06\/Logo-EoF2020-tracciato.png","width":513,"height":513,"caption":"The Economy of Francesco"},"image":{"@id":"https:\/\/francescoeconomy.org\/#\/schema\/logo\/image\/"}}]}},"_links":{"self":[{"href":"https:\/\/francescoeconomy.org\/it\/wp-json\/wp\/v2\/pages\/33","targetHints":{"allow":["GET"]}}],"collection":[{"href":"https:\/\/francescoeconomy.org\/it\/wp-json\/wp\/v2\/pages"}],"about":[{"href":"https:\/\/francescoeconomy.org\/it\/wp-json\/wp\/v2\/types\/page"}],"author":[{"embeddable":true,"href":"https:\/\/francescoeconomy.org\/it\/wp-json\/wp\/v2\/users\/1"}],"replies":[{"embeddable":true,"href":"https:\/\/francescoeconomy.org\/it\/wp-json\/wp\/v2\/comments?post=33"}],"version-history":[{"count":0,"href":"https:\/\/francescoeconomy.org\/it\/wp-json\/wp\/v2\/pages\/33\/revisions"}],"wp:attachment":[{"href":"https:\/\/francescoeconomy.org\/it\/wp-json\/wp\/v2\/media?parent=33"}],"curies":[{"name":"wp","href":"https:\/\/api.w.org\/{rel}","templated":true}]}}