{"id":30980,"date":"2025-06-26T15:02:33","date_gmt":"2025-06-26T13:02:33","guid":{"rendered":"https:\/\/francescoeconomy.org\/living-eof-events\/side-event-oficial-en-la-fffd4-de-la-onu-de-sevilla-son-personas-no-numeros-economia-al-servicio-de-las-personas-y-el-planeta\/"},"modified":"2025-06-26T15:04:01","modified_gmt":"2025-06-26T13:04:01","slug":"side-event-oficial-en-la-fffd4-de-la-onu-de-sevilla-son-personas-no-numeros-economia-al-servicio-de-las-personas-y-el-planeta","status":"publish","type":"tribe_events","link":"https:\/\/francescoeconomy.org\/it\/living-eof-events\/side-event-oficial-en-la-fffd4-de-la-onu-de-sevilla-son-personas-no-numeros-economia-al-servicio-de-las-personas-y-el-planeta\/","title":{"rendered":"SIDE EVENT OFICIAL en la FfFD4 de la ONU de Sevilla: Son personas, no n\u00fameros: econom\u00eda al servicio de las personas y el planeta"},"content":{"rendered":"<p><strong>Alivio y cancelaci\u00f3n de la deuda externa y la financiaci\u00f3n de la una transici\u00f3n ecol\u00f3gica justa en el marco de los ODS<\/strong><\/p>\n<p>LUNES 30 a las 20.30 h en Sala Juan Guill\u00e9n (Facultad Teolog\u00eda San Isidoro de Sevilla, Av Card. Bueno Monreal, 43, Sevilla) Mesa Redonda <strong>\u201cSon personas, no n\u00fameros: econom\u00eda al servicio de las personas y el planeta\u201d<\/strong> con la Eduardo Agosta Scarel (CEE-Director Ecolog\u00eda Integral y Doctor en Ciencias de la Atm\u00f3sfera y los Oc\u00e9anos), M\u00aa Luz Ortega Carpio (Dra en Econ\u00f3micas y Empresariales, profesora de Organizaciones Econ\u00f3micas Internacionales en la Universidad Loyola de Sevilla), Agust\u00edn Domingo Moratalla (Catedr\u00e1tico de Filosof\u00eda Moral y Pol\u00edtica en la Universidad de Valencia) y Elena P\u00e9rez Lag\u00fcela (Doctora en Econom\u00eda, Profesora de Econom\u00eda en la UCM y experta en \u00c1frica). Presentado y moderado por Marta Isabel Gonz\u00e1lez (Manos Unidas ExJ y EoF). Este panel ha sido presentado para desarrollarse tambi\u00e9n como Side Event oficial (interior FIBES) con apoyo de 7 organizaciones ECOSOC (a la espera de confirmaci\u00f3n).<\/p>\n<p><a href=\"https:\/\/francescoeconomy.org\/wp-content\/uploads\/2025\/06\/Cartel-de-Aviso-del-Departamento-de-Ecologia-Integral-Conferencia-Espicopal-Espanola.pdf\" target=\"_blank\" rel=\"noopener\">[HAGA CLIC AQU\u00cd PARA M\u00c1S INFORMACI\u00d3N]<\/a><\/p>\n<p><strong>Target:<\/strong> ECONOMISTAS, ONG, IGLESIA, P\u00daBLICO EN GENERAL<br \/>\n<strong>Notes:<\/strong>\u00a0ONG organizadoras con estatus ECOSOC ante la ONU<br \/>\nCarmelite NGO \u2013 CIDSE (Cooperaci\u00f3n Internacional para el Desarrollo y la Solidaridad) \u2013<br \/>\nFondazione PROCLADE Internazionale ONLUS \u2013 Institute of the Blessed Virgin Mary, Loreto<br \/>\nGeneralate \u2013 Maryknoll Sisters of Saint Dominic \u2013 Catholic Agency for Ov<\/p>\n","protected":false},"excerpt":{"rendered":"<p>Alivio y cancelaci\u00f3n de la deuda externa y la financiaci\u00f3n de la una transici\u00f3n ecol\u00f3gica justa en el marco de los ODS<\/p>\n","protected":false},"author":3,"featured_media":30959,"template":"","meta":{"_tribe_events_status":"","_tribe_events_status_reason":"","footnotes":""},"tags":[],"tribe_events_cat":[218],"class_list":["post-30980","tribe_events","type-tribe_events","status-publish","has-post-thumbnail","hentry","tribe_events_cat-livingeof","cat_livingeof"],"yoast_head":"<!-- This site is optimized with the Yoast SEO plugin v27.5 - https:\/\/yoast.com\/product\/yoast-seo-wordpress\/ -->\n<title>SIDE EVENT OFICIAL en la FfFD4 de la ONU de Sevilla: Son personas, no n\u00fameros: econom\u00eda al servicio de las personas y el planeta | The Economy of Francesco<\/title>\n<meta name=\"robots\" content=\"index, follow, max-snippet:-1, max-image-preview:large, max-video-preview:-1\" \/>\n<link rel=\"canonical\" href=\"https:\/\/francescoeconomy.org\/it\/living-eof-events\/side-event-oficial-en-la-fffd4-de-la-onu-de-sevilla-son-personas-no-numeros-economia-al-servicio-de-las-personas-y-el-planeta\/\" \/>\n<meta property=\"og:locale\" content=\"it_IT\" \/>\n<meta property=\"og:type\" content=\"article\" \/>\n<meta property=\"og:title\" content=\"SIDE EVENT OFICIAL en la FfFD4 de la ONU de Sevilla: Son personas, no n\u00fameros: econom\u00eda al servicio de las personas y el planeta | The Economy of Francesco\" \/>\n<meta property=\"og:description\" content=\"Alivio y cancelaci\u00f3n de la deuda externa y la financiaci\u00f3n de la una transici\u00f3n ecol\u00f3gica justa en el marco de los ODS\" \/>\n<meta property=\"og:url\" content=\"https:\/\/francescoeconomy.org\/it\/living-eof-events\/side-event-oficial-en-la-fffd4-de-la-onu-de-sevilla-son-personas-no-numeros-economia-al-servicio-de-las-personas-y-el-planeta\/\" \/>\n<meta property=\"og:site_name\" content=\"The Economy of Francesco\" \/>\n<meta property=\"article:modified_time\" content=\"2025-06-26T13:04:01+00:00\" \/>\n<meta property=\"og:image\" content=\"https:\/\/francescoeconomy.org\/wp-content\/uploads\/2025\/06\/2025-06-18-Cartel-IMG-20250618-WA0080.jpg\" \/>\n\t<meta property=\"og:image:width\" content=\"905\" \/>\n\t<meta property=\"og:image:height\" content=\"1280\" \/>\n\t<meta property=\"og:image:type\" content=\"image\/jpeg\" \/>\n<meta name=\"twitter:card\" content=\"summary_large_image\" \/>\n<meta name=\"twitter:label1\" content=\"Tempo di lettura stimato\" \/>\n\t<meta name=\"twitter:data1\" content=\"2 minuti\" \/>\n<script type=\"application\/ld+json\" class=\"yoast-schema-graph\">{\"@context\":\"https:\\\/\\\/schema.org\",\"@graph\":[{\"@type\":\"WebPage\",\"@id\":\"https:\\\/\\\/francescoeconomy.org\\\/it\\\/living-eof-events\\\/side-event-oficial-en-la-fffd4-de-la-onu-de-sevilla-son-personas-no-numeros-economia-al-servicio-de-las-personas-y-el-planeta\\\/\",\"url\":\"https:\\\/\\\/francescoeconomy.org\\\/it\\\/living-eof-events\\\/side-event-oficial-en-la-fffd4-de-la-onu-de-sevilla-son-personas-no-numeros-economia-al-servicio-de-las-personas-y-el-planeta\\\/\",\"name\":\"SIDE EVENT OFICIAL en la FfFD4 de la ONU de Sevilla: Son personas, no n\u00fameros: econom\u00eda al servicio de las personas y el planeta | The Economy of Francesco\",\"isPartOf\":{\"@id\":\"https:\\\/\\\/francescoeconomy.org\\\/#website\"},\"primaryImageOfPage\":{\"@id\":\"https:\\\/\\\/francescoeconomy.org\\\/it\\\/living-eof-events\\\/side-event-oficial-en-la-fffd4-de-la-onu-de-sevilla-son-personas-no-numeros-economia-al-servicio-de-las-personas-y-el-planeta\\\/#primaryimage\"},\"image\":{\"@id\":\"https:\\\/\\\/francescoeconomy.org\\\/it\\\/living-eof-events\\\/side-event-oficial-en-la-fffd4-de-la-onu-de-sevilla-son-personas-no-numeros-economia-al-servicio-de-las-personas-y-el-planeta\\\/#primaryimage\"},\"thumbnailUrl\":\"https:\\\/\\\/francescoeconomy.org\\\/wp-content\\\/uploads\\\/2025\\\/06\\\/2025-06-18-Cartel-IMG-20250618-WA0080.jpg\",\"datePublished\":\"2025-06-26T13:02:33+00:00\",\"dateModified\":\"2025-06-26T13:04:01+00:00\",\"breadcrumb\":{\"@id\":\"https:\\\/\\\/francescoeconomy.org\\\/it\\\/living-eof-events\\\/side-event-oficial-en-la-fffd4-de-la-onu-de-sevilla-son-personas-no-numeros-economia-al-servicio-de-las-personas-y-el-planeta\\\/#breadcrumb\"},\"inLanguage\":\"it-IT\",\"potentialAction\":[{\"@type\":\"ReadAction\",\"target\":[\"https:\\\/\\\/francescoeconomy.org\\\/it\\\/living-eof-events\\\/side-event-oficial-en-la-fffd4-de-la-onu-de-sevilla-son-personas-no-numeros-economia-al-servicio-de-las-personas-y-el-planeta\\\/\"]}]},{\"@type\":\"ImageObject\",\"inLanguage\":\"it-IT\",\"@id\":\"https:\\\/\\\/francescoeconomy.org\\\/it\\\/living-eof-events\\\/side-event-oficial-en-la-fffd4-de-la-onu-de-sevilla-son-personas-no-numeros-economia-al-servicio-de-las-personas-y-el-planeta\\\/#primaryimage\",\"url\":\"https:\\\/\\\/francescoeconomy.org\\\/wp-content\\\/uploads\\\/2025\\\/06\\\/2025-06-18-Cartel-IMG-20250618-WA0080.jpg\",\"contentUrl\":\"https:\\\/\\\/francescoeconomy.org\\\/wp-content\\\/uploads\\\/2025\\\/06\\\/2025-06-18-Cartel-IMG-20250618-WA0080.jpg\",\"width\":905,\"height\":1280},{\"@type\":\"BreadcrumbList\",\"@id\":\"https:\\\/\\\/francescoeconomy.org\\\/it\\\/living-eof-events\\\/side-event-oficial-en-la-fffd4-de-la-onu-de-sevilla-son-personas-no-numeros-economia-al-servicio-de-las-personas-y-el-planeta\\\/#breadcrumb\",\"itemListElement\":[{\"@type\":\"ListItem\",\"position\":1,\"name\":\"Home\",\"item\":\"https:\\\/\\\/francescoeconomy.org\\\/it\\\/\"},{\"@type\":\"ListItem\",\"position\":2,\"name\":\"Eventi\",\"item\":\"https:\\\/\\\/francescoeconomy.org\\\/it\\\/living-eof-event\\\/\"},{\"@type\":\"ListItem\",\"position\":3,\"name\":\"SIDE EVENT OFICIAL en la FfFD4 de la ONU de Sevilla: Son personas, no n\u00fameros: econom\u00eda al servicio de las personas y el planeta\"}]},{\"@type\":\"WebSite\",\"@id\":\"https:\\\/\\\/francescoeconomy.org\\\/#website\",\"url\":\"https:\\\/\\\/francescoeconomy.org\\\/\",\"name\":\"The Economy of Francesco\",\"description\":\"Young people, a commitment, the future\",\"publisher\":{\"@id\":\"https:\\\/\\\/francescoeconomy.org\\\/#organization\"},\"potentialAction\":[{\"@type\":\"SearchAction\",\"target\":{\"@type\":\"EntryPoint\",\"urlTemplate\":\"https:\\\/\\\/francescoeconomy.org\\\/?s={search_term_string}\"},\"query-input\":{\"@type\":\"PropertyValueSpecification\",\"valueRequired\":true,\"valueName\":\"search_term_string\"}}],\"inLanguage\":\"it-IT\"},{\"@type\":\"Organization\",\"@id\":\"https:\\\/\\\/francescoeconomy.org\\\/#organization\",\"name\":\"The Economy of Francesco\",\"url\":\"https:\\\/\\\/francescoeconomy.org\\\/\",\"logo\":{\"@type\":\"ImageObject\",\"inLanguage\":\"it-IT\",\"@id\":\"https:\\\/\\\/francescoeconomy.org\\\/#\\\/schema\\\/logo\\\/image\\\/\",\"url\":\"https:\\\/\\\/francescoeconomy.org\\\/wp-content\\\/uploads\\\/2019\\\/06\\\/Logo-EoF2020-tracciato.png\",\"contentUrl\":\"https:\\\/\\\/francescoeconomy.org\\\/wp-content\\\/uploads\\\/2019\\\/06\\\/Logo-EoF2020-tracciato.png\",\"width\":513,\"height\":513,\"caption\":\"The Economy of Francesco\"},\"image\":{\"@id\":\"https:\\\/\\\/francescoeconomy.org\\\/#\\\/schema\\\/logo\\\/image\\\/\"}}]}<\/script>\n<!-- \/ Yoast SEO plugin. -->","yoast_head_json":{"title":"SIDE EVENT OFICIAL en la FfFD4 de la ONU de Sevilla: Son personas, no n\u00fameros: econom\u00eda al servicio de las personas y el planeta | The Economy of Francesco","robots":{"index":"index","follow":"follow","max-snippet":"max-snippet:-1","max-image-preview":"max-image-preview:large","max-video-preview":"max-video-preview:-1"},"canonical":"https:\/\/francescoeconomy.org\/it\/living-eof-events\/side-event-oficial-en-la-fffd4-de-la-onu-de-sevilla-son-personas-no-numeros-economia-al-servicio-de-las-personas-y-el-planeta\/","og_locale":"it_IT","og_type":"article","og_title":"SIDE EVENT OFICIAL en la FfFD4 de la ONU de Sevilla: Son personas, no n\u00fameros: econom\u00eda al servicio de las personas y el planeta | The Economy of Francesco","og_description":"Alivio y cancelaci\u00f3n de la deuda externa y la financiaci\u00f3n de la una transici\u00f3n ecol\u00f3gica justa en el marco de los ODS","og_url":"https:\/\/francescoeconomy.org\/it\/living-eof-events\/side-event-oficial-en-la-fffd4-de-la-onu-de-sevilla-son-personas-no-numeros-economia-al-servicio-de-las-personas-y-el-planeta\/","og_site_name":"The Economy of Francesco","article_modified_time":"2025-06-26T13:04:01+00:00","og_image":[{"width":905,"height":1280,"url":"https:\/\/francescoeconomy.org\/wp-content\/uploads\/2025\/06\/2025-06-18-Cartel-IMG-20250618-WA0080.jpg","type":"image\/jpeg"}],"twitter_card":"summary_large_image","twitter_misc":{"Tempo di lettura stimato":"2 minuti"},"schema":{"@context":"https:\/\/schema.org","@graph":[{"@type":"WebPage","@id":"https:\/\/francescoeconomy.org\/it\/living-eof-events\/side-event-oficial-en-la-fffd4-de-la-onu-de-sevilla-son-personas-no-numeros-economia-al-servicio-de-las-personas-y-el-planeta\/","url":"https:\/\/francescoeconomy.org\/it\/living-eof-events\/side-event-oficial-en-la-fffd4-de-la-onu-de-sevilla-son-personas-no-numeros-economia-al-servicio-de-las-personas-y-el-planeta\/","name":"SIDE EVENT OFICIAL en la FfFD4 de la ONU de Sevilla: Son personas, no n\u00fameros: econom\u00eda al servicio de las personas y el planeta | The Economy of Francesco","isPartOf":{"@id":"https:\/\/francescoeconomy.org\/#website"},"primaryImageOfPage":{"@id":"https:\/\/francescoeconomy.org\/it\/living-eof-events\/side-event-oficial-en-la-fffd4-de-la-onu-de-sevilla-son-personas-no-numeros-economia-al-servicio-de-las-personas-y-el-planeta\/#primaryimage"},"image":{"@id":"https:\/\/francescoeconomy.org\/it\/living-eof-events\/side-event-oficial-en-la-fffd4-de-la-onu-de-sevilla-son-personas-no-numeros-economia-al-servicio-de-las-personas-y-el-planeta\/#primaryimage"},"thumbnailUrl":"https:\/\/francescoeconomy.org\/wp-content\/uploads\/2025\/06\/2025-06-18-Cartel-IMG-20250618-WA0080.jpg","datePublished":"2025-06-26T13:02:33+00:00","dateModified":"2025-06-26T13:04:01+00:00","breadcrumb":{"@id":"https:\/\/francescoeconomy.org\/it\/living-eof-events\/side-event-oficial-en-la-fffd4-de-la-onu-de-sevilla-son-personas-no-numeros-economia-al-servicio-de-las-personas-y-el-planeta\/#breadcrumb"},"inLanguage":"it-IT","potentialAction":[{"@type":"ReadAction","target":["https:\/\/francescoeconomy.org\/it\/living-eof-events\/side-event-oficial-en-la-fffd4-de-la-onu-de-sevilla-son-personas-no-numeros-economia-al-servicio-de-las-personas-y-el-planeta\/"]}]},{"@type":"ImageObject","inLanguage":"it-IT","@id":"https:\/\/francescoeconomy.org\/it\/living-eof-events\/side-event-oficial-en-la-fffd4-de-la-onu-de-sevilla-son-personas-no-numeros-economia-al-servicio-de-las-personas-y-el-planeta\/#primaryimage","url":"https:\/\/francescoeconomy.org\/wp-content\/uploads\/2025\/06\/2025-06-18-Cartel-IMG-20250618-WA0080.jpg","contentUrl":"https:\/\/francescoeconomy.org\/wp-content\/uploads\/2025\/06\/2025-06-18-Cartel-IMG-20250618-WA0080.jpg","width":905,"height":1280},{"@type":"BreadcrumbList","@id":"https:\/\/francescoeconomy.org\/it\/living-eof-events\/side-event-oficial-en-la-fffd4-de-la-onu-de-sevilla-son-personas-no-numeros-economia-al-servicio-de-las-personas-y-el-planeta\/#breadcrumb","itemListElement":[{"@type":"ListItem","position":1,"name":"Home","item":"https:\/\/francescoeconomy.org\/it\/"},{"@type":"ListItem","position":2,"name":"Eventi","item":"https:\/\/francescoeconomy.org\/it\/living-eof-event\/"},{"@type":"ListItem","position":3,"name":"SIDE EVENT OFICIAL en la FfFD4 de la ONU de Sevilla: Son personas, no n\u00fameros: econom\u00eda al servicio de las personas y el planeta"}]},{"@type":"WebSite","@id":"https:\/\/francescoeconomy.org\/#website","url":"https:\/\/francescoeconomy.org\/","name":"The Economy of Francesco","description":"Young people, a commitment, the future","publisher":{"@id":"https:\/\/francescoeconomy.org\/#organization"},"potentialAction":[{"@type":"SearchAction","target":{"@type":"EntryPoint","urlTemplate":"https:\/\/francescoeconomy.org\/?s={search_term_string}"},"query-input":{"@type":"PropertyValueSpecification","valueRequired":true,"valueName":"search_term_string"}}],"inLanguage":"it-IT"},{"@type":"Organization","@id":"https:\/\/francescoeconomy.org\/#organization","name":"The Economy of Francesco","url":"https:\/\/francescoeconomy.org\/","logo":{"@type":"ImageObject","inLanguage":"it-IT","@id":"https:\/\/francescoeconomy.org\/#\/schema\/logo\/image\/","url":"https:\/\/francescoeconomy.org\/wp-content\/uploads\/2019\/06\/Logo-EoF2020-tracciato.png","contentUrl":"https:\/\/francescoeconomy.org\/wp-content\/uploads\/2019\/06\/Logo-EoF2020-tracciato.png","width":513,"height":513,"caption":"The Economy of Francesco"},"image":{"@id":"https:\/\/francescoeconomy.org\/#\/schema\/logo\/image\/"}}]}},"_links":{"self":[{"href":"https:\/\/francescoeconomy.org\/it\/wp-json\/wp\/v2\/tribe_events\/30980","targetHints":{"allow":["GET"]}}],"collection":[{"href":"https:\/\/francescoeconomy.org\/it\/wp-json\/wp\/v2\/tribe_events"}],"about":[{"href":"https:\/\/francescoeconomy.org\/it\/wp-json\/wp\/v2\/types\/tribe_events"}],"author":[{"embeddable":true,"href":"https:\/\/francescoeconomy.org\/it\/wp-json\/wp\/v2\/users\/3"}],"version-history":[{"count":1,"href":"https:\/\/francescoeconomy.org\/it\/wp-json\/wp\/v2\/tribe_events\/30980\/revisions"}],"predecessor-version":[{"id":30981,"href":"https:\/\/francescoeconomy.org\/it\/wp-json\/wp\/v2\/tribe_events\/30980\/revisions\/30981"}],"wp:featuredmedia":[{"embeddable":true,"href":"https:\/\/francescoeconomy.org\/it\/wp-json\/wp\/v2\/media\/30959"}],"wp:attachment":[{"href":"https:\/\/francescoeconomy.org\/it\/wp-json\/wp\/v2\/media?parent=30980"}],"wp:term":[{"taxonomy":"post_tag","embeddable":true,"href":"https:\/\/francescoeconomy.org\/it\/wp-json\/wp\/v2\/tags?post=30980"},{"taxonomy":"tribe_events_cat","embeddable":true,"href":"https:\/\/francescoeconomy.org\/it\/wp-json\/wp\/v2\/tribe_events_cat?post=30980"}],"curies":[{"name":"wp","href":"https:\/\/api.w.org\/{rel}","templated":true}]}}